{"id":498,"date":"2016-01-12T23:03:00","date_gmt":"2016-01-12T22:03:00","guid":{"rendered":"http:\/\/www.mbnp.archidiecezja.wroc.pl\/wordpress\/?page_id=498"},"modified":"2016-02-25T22:50:58","modified_gmt":"2016-02-25T21:50:58","slug":"lata-1981-1990","status":"publish","type":"page","link":"http:\/\/www.mbnp.archidiecezja.wroc.pl\/?page_id=498","title":{"rendered":"Lata 1981-1990"},"content":{"rendered":"<p align=\"CENTER\"><b>3. HISTORIA PARAFII W LATACH 1981-1990<br \/>\n<\/b><\/p>\n<p align=\"CENTER\"><b>Rok 1981<\/b><\/p>\n<p dir=\"ltr\" align=\"JUSTIFY\"><b>\u00a0\u00a0\u00a0\u00a0\u00a0\u00a0\u00a0\u00a0\u00a0\u00a0\u00a0\u00a0 25 czerwca <\/b>do parafii p. w. \u015bw. Micha\u0142a Archanio\u0142a na Muchoborze Wielkim zosta\u0142 (decyzj\u0105 metropolity) delegowany ks. Franciszek Skorusa z przeznaczeniem na przysz\u0142ego proboszcza nowej parafii. Zamieszka\u0142 w budynku kaplicy na Muchoborze Ma\u0142ym. Ks. Franciszek kontynuowa\u0142 starania o utworzenie na naszym osiedlu oddzielnej parafii. W tym czasie w kaplicy przy ul. Greckiej pomagali w pracy duszpasterskiej i katechetycznej ksi\u0119\u017ca wikariusze z Muchoboru Wielkiego: ks. Zygmunt Jaroszek, ks. Antoni Aki\u0144cza, ks. J\u00f3zef Go\u0142\u0119biowski. Natomiast organistk\u0105 by\u0142a pani Alicja, p\u00f3\u017aniejsza siostra zakonna.<\/p>\n<p align=\"CENTER\"><b>Rok 1982<\/b><\/p>\n<p>Z ka\u017cdym dniem przybywa\u0142o pracy i potrzebna by\u0142a pomoc nowych ludzi. W zwi\u0105zku z tym od<b> 5 wrze\u015bnia<\/b>zacz\u0105\u0142 pos\u0142ug\u0119 nowy wikariusz, ks. Henryk G\u0142\u00f3wka, kt\u00f3ry zamieszka\u0142 w bloku rotacyjnym przy ul. Strzegomskiej.<\/p>\n<p align=\"JUSTIFY\"><b>\u00a0\u00a0\u00a0\u00a0\u00a0\u00a0\u00a0\u00a0\u00a0\u00a0\u00a0 Jesieni\u0105 <\/b>odmalowano salki katechetyczne i kaplic\u0119 oraz zabezpieczono dach na zim\u0119. Pomagali klerycy: Marek Walczak i Jacek Dziadkiewicz. W przeci\u0105gu ca\u0142ego roku w\u015br\u00f3d mieszka\u0144c\u00f3w osiedla rozprowadzono 25 ton \u017cywno\u015bci ofiarowanej z pa\u0144stw zachodnich w zwi\u0105zku ze stanem wojennym. Z parafii p. w. \u015bw. Micha\u0142a Archanio\u0142a wydzielono parafi\u0119 na Nowym Dworze, a na przysz\u0142ym placu budowy ustawiono du\u017cy metalowy krzy\u017c. W pracach przy przebudowie pomieszcze\u0144 z przeznaczeniem na kaplic\u0119 pomagali tak\u017ce mieszka\u0144cy Muchoboru Ma\u0142ego.<\/p>\n<p align=\"JUSTIFY\"><b>\u00a0\u00a0\u00a0\u00a0\u00a0\u00a0\u00a0\u00a0\u00a0\u00a0\u00a0\u00a0 12 grudnia<\/b> ks. arcybiskup Henryk Gulbinowicz dokona\u0142 uroczystego po\u015bwi\u0119cenia kaplicy na Nowym Dworze, zwanej \u201eWieczernikiem\u201d, i plebanii oraz dokona\u0142 intronizacji figury \u015bw. J\u00f3zefa. W czasie tej uroczysto\u015bci ordynariusz naszej archidiecezji poinformowa\u0142, \u017ce od 1983 roku Muchob\u00f3r Ma\u0142y zacznie dzia\u0142a\u0107 jako osobna parafia.<\/p>\n<p align=\"JUSTIFY\">\u00a0\u00a0\u00a0\u00a0\u00a0\u00a0\u00a0\u00a0\u00a0\u00a0\u00a0\u00a0\u00a0 <b>25 grudnia <\/b>rozpocz\u0105\u0142 w naszej parafii prac\u0119 jako organista pan Roman Wajler, kt\u00f3ry pe\u0142ni t\u0119 funkcj\u0119 do dzi\u015b.<\/p>\n<p align=\"CENTER\"><b>Rok 1983<\/b><\/p>\n<p align=\"JUSTIFY\"><b>30 stycznia<\/b> w kaplicy wyst\u0105pi\u0142 ze \u015bpiewem kol\u0119d i pastora\u0142ek Studencki Zesp\u00f3\u0142 Instrumentalno-Wokalny z Dolnego \u015al\u0105ska.<\/p>\n<p align=\"JUSTIFY\">\u00a0\u00a0\u00a0\u00a0\u00a0\u00a0\u00a0\u00a0\u00a0 <b>7 marca<\/b> zosta\u0142a ustanowiona parafia p. w. Matki Bo\u017cej Nieustaj\u0105cej Pomocy w Dekanacie Wroc\u0142aw-Zach\u00f3d. Na proboszcza parafii powo\u0142ano ks. Franciszka Skorus\u0119, a pierwszym wikariuszem zosta\u0142 ks. Henryk G\u0142\u00f3wka. Ks. G\u0142\u00f3wka zamieszka\u0142 r\u00f3wnie\u017c w budynku kaplicy.<\/p>\n<p><u><b>Budowa ko\u015bcio\u0142a<\/b><\/u><\/p>\n<p align=\"JUSTIFY\"><u>Zacz\u0105\u0142 si\u0119 czas intensywnej pracy: w ci\u0105gu tygodnia zaadaptowano salk\u0119 katechetyczn\u0105 na kancelari\u0119. R\u00f3wnie\u017c wykupiono na wieczyste u\u017cytkowanie dzia\u0142k\u0119, na kt\u00f3rej stoi kaplica. Od <b>maja do pa\u017adziernika<\/b>wyremontowano domek z ty\u0142u kaplicy, w kt\u00f3rym urz\u0105dzono salki katechetyczne i zakrysti\u0119.<\/u><\/p>\n<p align=\"JUSTIFY\"><b>20 lutego<\/b> przyj\u0119to nowych ministrant\u00f3w.<\/p>\n<p align=\"JUSTIFY\"><b>20 marca<\/b> rozpocz\u0119\u0142y si\u0119 pierwsze wielkopostne rekolekcje parafialne. Prowadzi\u0142 je ks. Henryk Piotrowski, wicerektor Metropolitalnego Wy\u017cszego Seminarium Duchownego we Wroc\u0142awiu<\/p>\n<p align=\"JUSTIFY\"><b>29 maja<\/b> odby\u0142a si\u0119 po raz pierwszy I Komunia \u015awi\u0119ta, do kt\u00f3rej ks. proboszcz przygotowa\u0142 grup\u0119 stu dzieci z III klasy Szko\u0142y Podstawowej nr 28.<\/p>\n<p align=\"JUSTIFY\"><b>2 czerwca<\/b> w uroczysto\u015b\u0107 Naj\u015bwi\u0119tszego Cia\u0142a i Krwi Chrystusa odby\u0142a si\u0119 procesja z Wieczernika na Nowym Dworze do naszej kaplicy.<\/p>\n<p align=\"JUSTIFY\"><b>14 czerwca<\/b> \u00f3wczesny biskup pomocniczy archidiecezji wroc\u0142awskiej, ks. bp. Tadeusz Rybak, udzieli\u0142 po raz pierwszy sakramentu bierzmowania m\u0142odzie\u017cy z naszej parafii.<\/p>\n<p align=\"JUSTIFY\"><b>21 czerwca<\/b> w czasie II pielgrzymki do ojczyzny Ojciec \u015awi\u0119ty odwiedzi\u0142 Wroc\u0142aw. We mszy \u015bw. na Partynicach uczestniczy\u0142o kilkaset tysi\u0119cy wiernych, a w\u015br\u00f3d nich liczna grupa naszych parafian.<\/p>\n<p align=\"JUSTIFY\"><b>26 czerwca<\/b><i><b> <\/b><\/i>odby\u0142 si\u0119 pierwszy odpust w naszej parafii. Kazania na wszystkich mszach \u015bwi\u0119tych g\u0142osi\u0142 ks. Henryk Piotrowski.<\/p>\n<p align=\"JUSTIFY\">Nast\u0105pi\u0142a zmiana na stanowisku ko\u015bcielnego. Odszed\u0142 pan Tadeusz Paw\u0142owicz, a jego obowi\u0105zki obj\u0105\u0142 pan Stanis\u0142aw Lange.<\/p>\n<p align=\"CENTER\"><b>Rok 1984<\/b><\/p>\n<p align=\"JUSTIFY\"><b>7 kwietnia <\/b>rozpocz\u0119\u0142y si\u0119 rekolekcje wielkopostne. Prowadzi\u0142 je ks. Stanis\u0142aw Miesza\u0142a, Wizytator Katechetyczny.<\/p>\n<p align=\"JUSTIFY\">Wed\u0142ug zapisu w kronice parafialnej w parafii s\u0142u\u017cy\u0142o w\u00f3wczas 73 ministrant\u00f3w i lektor\u00f3w. Ich opiekunem by\u0142 ks. Henryk G\u0142\u00f3wka<\/p>\n<p align=\"CENTER\"><a href=\"http:\/\/www.mbnp.archidiecezja.wroc.pl\/wp-content\/uploads\/2016\/01\/3.2.bmp\" rel=\"lightbox[498]\"><img decoding=\"async\" loading=\"lazy\" class=\"aligncenter wp-image-1179\" src=\"http:\/\/www.mbnp.archidiecezja.wroc.pl\/wp-content\/uploads\/2016\/01\/3.2.bmp\" alt=\"3.2\" width=\"700\" height=\"463\" \/><\/a><\/p>\n<p align=\"CENTER\">fig.2 <i>Liturgiczna S\u0142u\u017cba O\u0142tarza wraz z opiekunem ks. Henrykiem G\u0142\u00f3wk\u0105<\/i><\/p>\n<p align=\"JUSTIFY\"><b>20 maja<\/b><i><b> <\/b><\/i>ponad 200 dzieci przyst\u0105pi\u0142o do I Komunii \u015awi\u0119tej. Przygotowa\u0142 je ks. Henryk G\u0142\u00f3wka.<\/p>\n<p align=\"JUSTIFY\"><b>22 maja<\/b> ks. bp Tadeusz Rybak udzieli\u0142 sakramentu bierzmowania naszym m\u0142odym parafianom.<\/p>\n<p align=\"JUSTIFY\"><b>3 czerwca<\/b> parafie: Nowy Dw\u00f3r, Muchob\u00f3r Ma\u0142y oraz Muchob\u00f3r Wielki obchodzi\u0142y uroczysto\u015b\u0107 50-lecia kap\u0142a\u0144stwa ks. kan. Aleksandra Oberca.<\/p>\n<p align=\"JUSTIFY\">W tym roku po raz pierwszy nasza parafia zorganizowa\u0142a w\u0142asn\u0105 procesj\u0119 Bo\u017cego Cia\u0142a.<\/p>\n<p align=\"JUSTIFY\"><u><b>Budowa ko\u015bcio\u0142a<\/b><\/u><\/p>\n<p align=\"JUSTIFY\"><u>Tak jak w poprzednim roku, wr\u00f3ci\u0142a sprawa lokalizacji naszego ko\u015bcio\u0142a. Starania parafii o plac naprzeciwko kaplicy nie przynios\u0142y efekt\u00f3w. Wobec tego parafia wyst\u0105pi\u0142a o miejsce pod budow\u0119 ko\u015bcio\u0142a przy ul. Strzegomskiej i otrzyma\u0142a wst\u0119pn\u0105 zgod\u0119. W zwi\u0105zku z tym w pierwszych dniach czerwca podj\u0119to pierwsze prace badawcze.<\/u><\/p>\n<p align=\"JUSTIFY\"><u>Zakupiono ponad 100 m\u00b3 drewna na budow\u0119 ko\u015bcio\u0142a, kt\u00f3re z\u0142o\u017cono na Muchoborze Wielkim.<\/u><\/p>\n<p align=\"JUSTIFY\"><b>5 sierpnia<\/b> parafia otrzyma\u0142a drugiego wikariusza w osobie ks. Henryka Kuczery, kt\u00f3ry przyby\u0142 z parafii \u015bw. Miko\u0142aja w Brzegu Opolskim.<\/p>\n<p align=\"CENTER\"><b>Rok 1985<\/b><\/p>\n<p align=\"JUSTIFY\"><b>W marcu <\/b>w pi\u0105t\u0105 niedziel\u0119 Wielkiego Postu rozpocz\u0119\u0142y si\u0119 rekolekcje wielkopostne, kt\u00f3re g\u0142osi\u0142 ks. Marian Biskup, prefekt Seminarium Duchownego.<b><\/b><\/p>\n<p align=\"JUSTIFY\"><b>28 kwietnia<\/b> w naszej parafii go\u015bci\u0142 profesor Franciszek Haszimoto z Japonii, kt\u00f3ry m\u00f3wi\u0142 o \u017cyciu religijnym w Japonii i w Polsce.<\/p>\n<p align=\"JUSTIFY\"><b>26 maja<\/b><i><b> <\/b><\/i>oko\u0142o 150 dzieci przygotowanych przez ks. Henryka G\u0142\u00f3wk\u0119 przyst\u0105pi\u0142o do I Komunii \u015awi\u0119tej.<\/p>\n<p align=\"CENTER\"><a href=\"http:\/\/www.mbnp.archidiecezja.wroc.pl\/wp-content\/uploads\/2016\/01\/3.3.bmp\" rel=\"lightbox[498]\"><img decoding=\"async\" loading=\"lazy\" class=\"aligncenter wp-image-1182\" src=\"http:\/\/www.mbnp.archidiecezja.wroc.pl\/wp-content\/uploads\/2016\/01\/3.3.bmp\" alt=\"3.3\" width=\"700\" height=\"465\" \/><\/a><\/p>\n<p align=\"CENTER\">fig. 3 <i>Procesja Bo\u017cego Cia\u0142a 1985 r.<\/i><\/p>\n<p align=\"JUSTIFY\"><b>2 czerwca<\/b> odby\u0142a si\u0119 pierwsza wizytacja kanoniczna. Wizytatorem by\u0142 ks. bp. Tadeusz Rybak, kt\u00f3ry podczas mszy \u015bwi\u0119tej udzieli\u0142 sakramentu bierzmowania m\u0142odzie\u017cy z naszej parafii. Spotka\u0142 si\u0119 te\u017c z rad\u0105 parafialn\u0105 i nauczycielami.<\/p>\n<p align=\"JUSTIFY\"><b>W czerwcu<\/b> odprawi\u0142 msz\u0119 \u015bw. prymicyjn\u0105 ks. Marian Walczak \u2013 nasz parafianin.<\/p>\n<p align=\"JUSTIFY\"><u><b>Budowa ko\u015bcio\u0142a<\/b><\/u><\/p>\n<p align=\"JUSTIFY\"><u>Wci\u0105\u017c jednak problemem by\u0142a sprawa lokalizacji naszego ko\u015bcio\u0142a. Do <b>12 maja<\/b> parafia posiada\u0142a ju\u017c ca\u0142\u0105 dokumentacj\u0119 potrzebn\u0105 do wykupu placu przy ul. Strzegomskiej. Okaza\u0142o si\u0119 jednak, \u017ce aby zakupi\u0107 ten plac, trzeba da\u0107 mieszkania dw\u00f3m rodzinom, sp\u0142aci\u0107 pozosta\u0142ych czterech wsp\u00f3\u0142w\u0142a\u015bcicieli prywatnych (pi\u0105tym wsp\u00f3\u0142w\u0142a\u015bcicielem jest Skarb Pa\u0144stwa), a tak\u017ce pokry\u0107 koszta przebudowy sieci ciep\u0142owniczej. W takiej sytuacji, zgodnie z powszechn\u0105 opini\u0105 parafian, wystosowano do w\u0142adz pismo z pro\u015bb\u0105 o wskazanie innej mo\u017cliwo\u015bci uko\u0144czenia budowy na wskazanym placu lub ponowne rozpatrzenie sprawy lokalizacji. Podj\u0119to dalsze starania o plac przy ul. Szwedzkiej i Szkockiej.<\/u><\/p>\n<p align=\"JUSTIFY\"><u>Zakupiono samoch\u00f3d ci\u0119\u017carowy, betoniark\u0119, maszyny do obr\u00f3bki drewna oraz ceg\u0142\u0119.<\/u><\/p>\n<p align=\"JUSTIFY\"><b>30 czerwca<\/b> z naszej parafii zosta\u0142 odwo\u0142any ks. Henryk Kuczera (z powodu wyjazdu za granic\u0119). Tego samego dnia prac\u0119 w naszej parafii rozpocz\u0119li ksi\u0119\u017ca Adam Malitowski i Miros\u0142aw W\u0105truch.<\/p>\n<p align=\"JUSTIFY\"><b>10 listopada<\/b> odby\u0142 si\u0119 Recital Piosenki Patriotycznej z okazji 67. rocznicy Odzyskania Niepodleg\u0142o\u015bci.<\/p>\n<p align=\"CENTER\"><b>Rok 1986<\/b><\/p>\n<p align=\"JUSTIFY\"><b>16 marca<\/b> rozpocz\u0119\u0142y si\u0119 rekolekcje wielkopostne, kt\u00f3re g\u0142osi\u0142 ks. Marian Tobo\u0142a, ojciec duchowny Seminarium Duchownego z Krakowa. R\u00f3wnie\u017c w<b> marcu <\/b>przy naszej parafii rozpocz\u0119\u0142a dzia\u0142alno\u015b\u0107 Poradnia Rodzinna, w kt\u00f3rej do roku 2000 pracowa\u0142a pani Alina Czapiga.<\/p>\n<p align=\"JUSTIFY\"><b>21 kwietnia<\/b> po wieczornej mszy \u015bwi\u0119tej du\u017ca grupa parafian zebra\u0142a si\u0119 w kaplicy, aby wys\u0142ucha\u0107 poezji w wykonaniu znanych aktor\u00f3w polskich, m. in. Anny Nehrebeckiej.<\/p>\n<p align=\"JUSTIFY\"><b>24 kwietnia<\/b> ks. kard. Henryk Gulbinowicz, kt\u00f3ry podczas uroczystej mszy \u015bwi\u0119tej udzieli\u0142 sakramentu bierzmowania dziewi\u0119\u0107dziesi\u0119ciu trzem m\u0142odym parafianom. Ksi\u0105dz kardyna\u0142 poinformowa\u0142 tak\u017ce o swoich staraniach o rozwi\u0105zanie kwestii lokalizacji naszego ko\u015bcio\u0142a. <i>\u201eWszystkie sprawy maj\u0105 sw\u00f3j czas\u201d <\/i>\u2013 powiedzia\u0142.<\/p>\n<p align=\"JUSTIFY\"><b>15 czerwca<\/b> neoprezbiter ks. Jan Bagi\u0144ski \u2013 z parafii na Muchoborze Wielkim odprawi\u0142 u nas w kaplicy msz\u0119 \u015bwi\u0119t\u0105 prymicyjn\u0105.<\/p>\n<p align=\"JUSTIFY\"><u><b>Budowa ko\u015bcio\u0142a<\/b><\/u><\/p>\n<p align=\"JUSTIFY\"><u>Sprawa lokalizacji naszego ko\u015bcio\u0142a wci\u0105\u017c nie zosta\u0142a rozstrzygni\u0119ta \u2013 <b>7 maja <\/b>odby\u0142o si\u0119 spotkanie u wojewody wroc\u0142awskiego, na kt\u00f3rym poinformowano, \u017ce Dom Pogodnej Staro\u015bci i ko\u015bci\u00f3\u0142 mog\u0105 istnie\u0107 obok siebie na placu naprzeciwko kaplicy. W tej sytuacji ks. Franciszek poprosi\u0142 parafian o modlitw\u0119 w intencji dobrej lokalizacji ko\u015bcio\u0142a.<\/u><\/p>\n<p align=\"JUSTIFY\"><u>Spraw\u0105 lokalizacji naszego ko\u015bcio\u0142a jeszcze bardziej zainteresowa\u0142 si\u0119 ks. kard. Henryk Gulbinowicz. <b>27 grudnia<\/b> w gablotce og\u0142osze\u0144 pojawi\u0142y si\u0119 rysunki ko\u015bcio\u0142a. Po zaopiniowaniu przez Urz\u0105d odpowiedniego projektu parafia mia\u0142a otrzyma\u0107 formalne wskazanie lokalizacyjne i prawo do wykupu dzia\u0142ki.<\/u><\/p>\n<p><b>We wrze\u015bniu <\/b>miesi\u0119czn\u0105 praktyk\u0119 odbywa\u0142 w naszej parafii diakon Wojciech Czernatowicz.<\/p>\n<p align=\"CENTER\"><b>Rok 1987<\/b><\/p>\n<p align=\"JUSTIFY\"><b>5 kwietnia<\/b> rozpocz\u0119\u0142y si\u0119 rekolekcje wielkopostne, kt\u00f3re g\u0142osi\u0142 ks. J\u00f3zef Mielczarek \u2013 proboszcz z Pilczyc.<\/p>\n<p align=\"JUSTIFY\"><b>24 maja<\/b> parafia prze\u017cywa\u0142a radosn\u0105 uroczysto\u015b\u0107 \u2013 nasz parafianin, ksi\u0105dz Jacek Dziadkiewicz, odprawi\u0142 swoj\u0105 pierwsz\u0105 msz\u0119 \u015bwi\u0119t\u0105.<\/p>\n<p align=\"CENTER\"><a href=\"http:\/\/www.mbnp.archidiecezja.wroc.pl\/wp-content\/uploads\/2016\/01\/3.4.bmp\" rel=\"lightbox[498]\"><img decoding=\"async\" loading=\"lazy\" class=\"aligncenter wp-image-1183\" src=\"http:\/\/www.mbnp.archidiecezja.wroc.pl\/wp-content\/uploads\/2016\/01\/3.4.bmp\" alt=\"3.4\" width=\"700\" height=\"458\" \/><\/a><\/p>\n<p align=\"CENTER\">fig. 4 <i>Msza \u015bw. prymicyjna ksi\u0119dza Jacka Dziadkiewicza (obok prymicjanta ks. kan. A. Oberc)<\/i><\/p>\n<p align=\"JUSTIFY\"><b>30 czerwca<\/b> zostali odwo\u0142ani ksi\u0119\u017ca Henryk G\u0142\u00f3wka i Miros\u0142aw W\u0105truch, a do pracy duszpasterskiej skierowano ksi\u0119\u017cy J\u00f3zefa Jamroza i Antoniego Janasa.<\/p>\n<p align=\"JUSTIFY\"><b>W maju<\/b> w dwie kolejne niedziele do I Komunii \u015aw. przyst\u0105pi\u0142o 240 dzieci.<\/p>\n<p align=\"JUSTIFY\"><b>23 sierpnia<\/b> nasza parafianka, Karolina Jarmu\u0142owicz, przywdzia\u0142a habit zakonny si\u00f3str nazaretanek i z\u0142o\u017cy\u0142a pierwsze \u015bluby zakonne na r\u0119ce ks. kard. Henryka Gulbinowicza w ko\u015bciele Naj\u015bwi\u0119tszej Marii Panny na Piasku.<\/p>\n<p align=\"CENTER\"><b>Rok 1988<\/b><\/p>\n<p align=\"JUSTIFY\">Rekolekcje wielkopostne g\u0142osi\u0142 ks. Stanis\u0142aw Babicz \u2013 proboszcz parafii Wroc\u0142aw- Ma\u015blice. Sakramentu bierzmowania stu siedemnastu m\u0142odym parafianom udzieli\u0142 ks. bp. Adam Dyczkowski.<\/p>\n<p align=\"JUSTIFY\">Do I Komunii \u015awi\u0119tej przyst\u0105pi\u0142o 252 dzieci, do uroczysto\u015bci przygotowywa\u0142 je (i przewodniczy\u0142 liturgii) ks. Adam Malitowski.<\/p>\n<p align=\"JUSTIFY\"><b>30 czerwca<\/b> zostali odwo\u0142ani ksi\u0119\u017ca: Antoni Janas, Adam Malitowski, J\u00f3zef Jamr\u00f3z, a do pracy skierowano ksi\u0119\u017cy: Antoniego Drwi\u0142\u0119, Aleksandra Trojana, Krzysztofa Szczeci\u0144skiego.<\/p>\n<p align=\"JUSTIFY\"><u><b>Budowa ko\u015bcio\u0142a<\/b><\/u><\/p>\n<p align=\"JUSTIFY\"><u><b>28 lutego<\/b> parafia otrzyma\u0142a pozytywn\u0105 opini\u0119 koncepcji budowy ko\u015bcio\u0142a, a 15 maja wskazanie lokalizacyjne pod jego budow\u0119. Ruszy\u0142y prace, kronika parafialna odnotowa\u0142a nast\u0119puj\u0105ce wydarzenia:<\/u><\/p>\n<ul>\n<li><u>w lutym plac pod ko\u015bci\u00f3\u0142 zosta\u0142 zr\u00f3wnany;<\/u><\/li>\n<li><u>w kwietniu rozpocz\u0119to zw\u00f3zk\u0119 desek (na ogrodzenie placu i na magazyn materia\u0142\u00f3w budowlanych) oraz cegie\u0142;<\/u><\/li>\n<li><u>in\u017cynierowie przygotowali plany techniczne budowy;<\/u><\/li>\n<li><u>13 czerwca rozpocz\u0119to produkcj\u0119 pustak\u00f3w przeznaczonych na wykonanie zaplecza budowy, a zako\u0144czono j\u0105 1 lipca. Wiele pracy w\u0142o\u017cyli w to panowie: Lange, Kijewski, Sajn\u00f3g, Zasucha i in.;<\/u>\n<ul>\n<li><u>rozpocz\u0119to budow\u0119 zaplecza, kt\u00f3re postawiono do\u015b\u0107 szybko, dzi\u0119ki ofiarnej pracy kilku naszych parafian. 16 lipca na powstaj\u0105cym budynku pojawi\u0142a si\u0119 wiecha;<\/u><\/li>\n<li><u>przy oczyszczaniu ceg\u0142y pracowali ch\u0142opcy przy wsparciu emeryt\u00f3w i rencist\u00f3w;<\/u><\/li>\n<li><u>do ko\u0144ca lipca zosta\u0142y po\u0142o\u017cone p\u0142yty dachowe. Budynek zaplecza otynkowano i pobia\u0142kowano;<\/u><\/li>\n<li><u>przyst\u0105piono do zwo\u017cenia, oczyszczania, uk\u0142adania i zadaszenia ceg\u0142y. Pracowali przy tym starsi ministranci ze Szko\u0142y Podstawowej nr 28. Pierwszy etap zw\u00f3zki trwa\u0142 a\u017c do grudnia;<\/u><\/li>\n<li><u>2 pa\u017adziernika ks. proboszcz poinformowa\u0142, \u017ce otrzymali\u015bmy decyzj\u0119 zatwierdzaj\u0105c\u0105 plan realizacyjny budowy ko\u015bcio\u0142a i domu katechetycznego. Sp\u00f3\u0142dzielnia mieszkaniowa przys\u0142a\u0142a wykaz koszt\u00f3w, kt\u00f3re nale\u017cy jej zwr\u00f3ci\u0107. By\u0142a to suma 9 milion\u00f3w z\u0142otych;<\/u><\/li>\n<li><u>materia\u0142y budowlane by\u0142y kupowane za ofiary sk\u0142adane przez parafian.<\/u><\/li>\n<\/ul>\n<\/li>\n<\/ul>\n<p align=\"CENTER\"><a href=\"http:\/\/www.mbnp.archidiecezja.wroc.pl\/wp-content\/uploads\/2016\/01\/3.5.bmp\" rel=\"lightbox[498]\"><img decoding=\"async\" loading=\"lazy\" class=\"aligncenter wp-image-1181\" src=\"http:\/\/www.mbnp.archidiecezja.wroc.pl\/wp-content\/uploads\/2016\/01\/3.5.bmp\" alt=\"3.5\" width=\"700\" height=\"376\" \/><\/a><\/p>\n<p align=\"CENTER\">fig.5 <i>Widok placu budowy domu katechetycznego i ko\u015bcio\u0142a 1988 r.<\/i><\/p>\n<p align=\"CENTER\"><b>Rok 1989<\/b><\/p>\n<p align=\"JUSTIFY\"><b>15 stycznia<\/b> w kaplicy odby\u0142 si\u0119 koncert kol\u0119d w wykonaniu scholi dzieci i m\u0142odzie\u017cy z parafii p. w. \u015bw. Maksymiliana Kolbe z Wroc\u0142awia-G\u0105dowa.<\/p>\n<p align=\"JUSTIFY\">Rekolekcje wielkopostne g\u0142osi\u0142 ks. Aleksander Radecki \u2013 proboszcz w Mokrzeszowie ko\u0142o \u015awiebodzic.<\/p>\n<p align=\"JUSTIFY\">Parafialna Poradnia dzia\u0142a\u0142a przez ca\u0142y rok. Od <b>30 kwietnia do 7 maja<\/b> \u2013 na pro\u015bb\u0119 Komitetu Obywatelskiego \u2013 parafianie w salkach katechetycznych mogli zasi\u0119gn\u0105\u0107 informacji o g\u0142osowaniu do sejmu, kt\u00f3re mia\u0142o odby\u0107 si\u0119 w czerwcu.<\/p>\n<p align=\"JUSTIFY\">Do I Komunii \u015awi\u0119tej przyst\u0105pi\u0142o 254 dzieci przygotowanych przez ks. Antoniego Drwi\u0142\u0119. Ks. Krzysztof Szczeci\u0144ski zaj\u0105\u0142 si\u0119 przygotowaniem 126-osobowej grupy m\u0142odzie\u017cy, kt\u00f3ra otrzyma\u0142a sakrament bierzmowania z r\u0105k ks. bp. Tadeusza Rybaka.<\/p>\n<p align=\"JUSTIFY\"><b>18 czerwca<\/b> zosta\u0142a po\u017cegnana siostra Krystyna Gapys, kt\u00f3ra przez prze\u0142o\u017cone zakonne zosta\u0142a skierowana do innej plac\u00f3wki (pracowa\u0142a jako katechetka przez kilka lat).<\/p>\n<p align=\"JUSTIFY\">W tym roku nasi parafianie uczestniczyli w nast\u0119puj\u0105cych pielgrzymkach:<\/p>\n<ul>\n<li>21 maja \u2013 do Lichenia;<\/li>\n<li>1 lipca \u2013 do sanktuarium Maryjnego w Bardzie \u015al\u0105skim;<\/li>\n<li>w sierpniu \u2013 piesza pielgrzymka do Cz\u0119stochowy;<\/li>\n<li>17 wrze\u015bnia \u2013 pielgrzymka m\u0142odzie\u017cy do Wambierzyc;<\/li>\n<li>14 pa\u017adziernika \u2013 piesza pielgrzymka m\u0142odzie\u017cy do Trzebnicy.<\/li>\n<\/ul>\n<p align=\"JUSTIFY\"><b>15 pa\u017adziernika<\/b> w ramach Tygodnia Kultury Chrze\u015bcija\u0144skiej odby\u0142y si\u0119 prelekcje:<\/p>\n<p align=\"JUSTIFY\">-\u201eOdrodzenie moralne-wezwanie naszego czasu\u201d (ks. Tadeusz Dzi\u0119giel);<\/p>\n<p align=\"JUSTIFY\">-\u201eHistoria pewnej mistyfikacji \u2013 sprawa katy\u0144ska w Norymberdze\u201d (dr Adam Bosak).<\/p>\n<p align=\"JUSTIFY\"><u><b>Budowa ko\u015bcio\u0142a <\/b><br \/>\n<b>26 lutego<\/b> parafia otrzyma\u0142a akt notarialny na wieczyste u\u017cytkowanie dzia\u0142ki przeznaczonej pod budow\u0119 nowego ko\u015bcio\u0142a i domu katechetycznego.<\/u><\/p>\n<p align=\"JUSTIFY\"><u><b>W marcu<\/b> trwa\u0142y prace porz\u0105dkowe na placu budowy, kt\u00f3re musia\u0142y by\u0107 wykonane przed wyznaczeniem miejsca na kopanie fundament\u00f3w. Geodeci ju\u017c 12 marca przyst\u0105pili do jego wytyczania.<\/u><\/p>\n<p align=\"JUSTIFY\"><u><b>16 kwietnia<\/b> plac budowy by\u0142 ju\u017c ogrodzony i uporz\u0105dkowany dzi\u0119ki ofiarnej pracy kilku pa\u0144 i pan\u00f3w.<\/u><\/p>\n<p align=\"JUSTIFY\"><u><b>21 kwietnia<\/b> rozpocz\u0119to budow\u0119 o\u015brodka duszpasterskiego. Na plac budowy wjecha\u0142a koparka, by zrobi\u0107 wykopy pod fundamenty. Natomiast <b>27 kwietnia<\/b> parafianie przyst\u0105pili do poprawy wykopu, by mo\u017cna by\u0142o za\u0142o\u017cy\u0107 szalunki. Po miesi\u0105cu pracy wykopy by\u0142y ju\u017c doko\u0144czone. Wylano \u0142awy pod fundamenty domu katechetycznego i wie\u017cy ko\u015bcio\u0142a. <b>16 czerwca<\/b> zako\u0144czono wylewanie fundament\u00f3w. Oko\u0142o <b>20 wrze\u015bnia<\/b>uda\u0142o si\u0119 zabetonowa\u0107 strop nad piwnicami, w listopadzie \u2013 nast\u0119pny.<\/u><\/p>\n<p align=\"JUSTIFY\"><b>W dniach 28 XII \u2013 2 I 1990<\/b> odby\u0142o si\u0119 we Wroc\u0142awiu Europejskie Spotkanie M\u0142odych, organizowane przez Wsp\u00f3lnot\u0119 Ekumeniczn\u0105 z Taiz\u00e9. W naszej kaplicy odby\u0142y si\u0119 dwa spotkania z bra\u0107mi z Taiz\u00e9: przygotowawcze (11 pa\u017adziernika) oraz modlitewne (21 listopada), w kt\u00f3rych wzi\u0119\u0142a udzia\u0142 m\u0142odzie\u017c z naszej parafii. Podczas spotkania w naszej parafii go\u015bci\u0142o ponad 700 m\u0142odych ludzi.<\/p>\n<p align=\"CENTER\"><a href=\"http:\/\/www.mbnp.archidiecezja.wroc.pl\/wp-content\/uploads\/2016\/01\/3.6.bmp\" rel=\"lightbox[498]\"><img decoding=\"async\" loading=\"lazy\" class=\"aligncenter wp-image-1184\" src=\"http:\/\/www.mbnp.archidiecezja.wroc.pl\/wp-content\/uploads\/2016\/01\/3.6.bmp\" alt=\"3.6\" width=\"700\" height=\"479\" \/><\/a><\/p>\n<p align=\"CENTER\">fig.6.<i> Modlitewne czuwanie w wiecz\u00f3r sylwestrowy na sali gimnastycznej w ramach Europejskiego Spotkania M\u0142odych;<\/i><\/p>\n<p align=\"CENTER\"><a href=\"http:\/\/www.mbnp.archidiecezja.wroc.pl\/wp-content\/uploads\/2016\/01\/3.7.bmp\" rel=\"lightbox[498]\"><img decoding=\"async\" loading=\"lazy\" class=\"aligncenter wp-image-1185\" src=\"http:\/\/www.mbnp.archidiecezja.wroc.pl\/wp-content\/uploads\/2016\/01\/3.7.bmp\" alt=\"3.7\" width=\"700\" height=\"441\" \/><\/a><\/p>\n<p align=\"CENTER\">fig.7.<i> Modlitewne czuwanie w wiecz\u00f3r sylwestrowy na sali gimnastycznej w ramach Europejskiego Spotkania M\u0142odych;<\/i><\/p>\n<p align=\"CENTER\"><a href=\"http:\/\/www.mbnp.archidiecezja.wroc.pl\/wp-content\/uploads\/2016\/01\/3.8.bmp\" rel=\"lightbox[498]\"><img decoding=\"async\" loading=\"lazy\" class=\"aligncenter wp-image-1186\" src=\"http:\/\/www.mbnp.archidiecezja.wroc.pl\/wp-content\/uploads\/2016\/01\/3.8.bmp\" alt=\"3.8\" width=\"700\" height=\"490\" \/><\/a><\/p>\n<p align=\"CENTER\">fig. 8 <i>M\u0142odzie\u017c bawi\u0142a si\u0119 podczas nocy noworocznej<\/i><\/p>\n<p align=\"CENTER\"><b>Rok 1990<\/b><\/p>\n<p align=\"JUSTIFY\"><u><b>Budowa ko\u015bcio\u0142a<\/b><\/u><\/p>\n<p align=\"JUSTIFY\"><u>Dzi\u0119ki sprzyjaj\u0105cej pogodzie na budowie trwa\u0142y intensywne prace. W po\u0142owie marca uko\u0144czono deskowanie dachu budowanego domu katechetycznego, a w pomieszczeniu na kaplic\u0119 zacz\u0119to tynkowanie \u015bcian.<\/u><\/p>\n<p align=\"CENTER\"><a href=\"http:\/\/www.mbnp.archidiecezja.wroc.pl\/wp-content\/uploads\/2016\/01\/3.9.bmp\" rel=\"lightbox[498]\"><img decoding=\"async\" loading=\"lazy\" class=\"aligncenter wp-image-1187\" src=\"http:\/\/www.mbnp.archidiecezja.wroc.pl\/wp-content\/uploads\/2016\/01\/3.9.bmp\" alt=\"3.9\" width=\"700\" height=\"535\" \/><\/a><\/p>\n<p align=\"CENTER\">fig.9 <i>Ks. Proboszcz wraz z robotnikami pracuj\u0105cymi przy budowie domu katechetycznego 1990 r.<\/i><\/p>\n<p align=\"CENTER\"><a href=\"http:\/\/www.mbnp.archidiecezja.wroc.pl\/wp-content\/uploads\/2016\/01\/3.10.bmp\" rel=\"lightbox[498]\"><img decoding=\"async\" loading=\"lazy\" class=\"aligncenter wp-image-1188\" src=\"http:\/\/www.mbnp.archidiecezja.wroc.pl\/wp-content\/uploads\/2016\/01\/3.10.bmp\" alt=\"3.10\" width=\"700\" height=\"455\" \/><\/a><\/p>\n<p align=\"CENTER\">fig.10 <i>Widok budowanego domu katechetycznego<\/i><\/p>\n<p align=\"JUSTIFY\">Rekolekcje wielkopostne g\u0142osi\u0142 ks. J\u00f3zef Go\u0142\u0119biowski \u2013 proboszcz parafii p. w. Chrystusa Kr\u00f3la w Boles\u0142awcu.<\/p>\n<p align=\"JUSTIFY\"><b>12 maja<\/b> podczas wieczornej mszy \u015bwi\u0119tej o godz. 18.00 w procesji eucharystycznej przeniesiono Przenaj\u015bwi\u0119tszy Sakrament z kaplicy przy ul. Greckiej do kaplicy w buduj\u0105cym si\u0119 domu katechetycznym. Wst\u0119pnego po\u015bwi\u0119cenia kaplicy dokona\u0142 ks. Adam Lech \u2013 przedstawiciel kurii metropolitarnej.<\/p>\n<p align=\"CENTER\"><a href=\"http:\/\/www.mbnp.archidiecezja.wroc.pl\/wp-content\/uploads\/2016\/01\/3.11.bmp\" rel=\"lightbox[498]\"><img decoding=\"async\" loading=\"lazy\" class=\"aligncenter wp-image-1189\" src=\"http:\/\/www.mbnp.archidiecezja.wroc.pl\/wp-content\/uploads\/2016\/01\/3.11.bmp\" alt=\"3.11\" width=\"700\" height=\"465\" \/><\/a><\/p>\n<p align=\"CENTER\">fig.11 <i>Wyj\u015bcie z dotychczasowej kaplicy<\/i><\/p>\n<p align=\"CENTER\"><a href=\"http:\/\/www.mbnp.archidiecezja.wroc.pl\/wp-content\/uploads\/2016\/01\/3.12.bmp\" rel=\"lightbox[498]\"><img decoding=\"async\" loading=\"lazy\" class=\"aligncenter wp-image-1190\" src=\"http:\/\/www.mbnp.archidiecezja.wroc.pl\/wp-content\/uploads\/2016\/01\/3.12.bmp\" alt=\"3.12\" width=\"700\" height=\"478\" \/><\/a><\/p>\n<p align=\"CENTER\">fig.12 <i>U progu nowej kaplicy<\/i><\/p>\n<p align=\"CENTER\"><a href=\"http:\/\/www.mbnp.archidiecezja.wroc.pl\/wp-content\/uploads\/2016\/01\/3.13.bmp\" rel=\"lightbox[498]\"><img decoding=\"async\" loading=\"lazy\" class=\"aligncenter wp-image-1191\" src=\"http:\/\/www.mbnp.archidiecezja.wroc.pl\/wp-content\/uploads\/2016\/01\/3.13.bmp\" alt=\"3.13\" width=\"700\" height=\"465\" \/><\/a><\/p>\n<p align=\"CENTER\">fig. 13 <i>Ks. Adam Lech- przedstawiciel Kurii Metropolitalnej, dokona\u0142 wst\u0119pnego po\u015bwi\u0119cenia nowej kaplicy<\/i><\/p>\n<p align=\"JUSTIFY\"><b>13 maja<\/b> ok. 270 dzieci przygotowanych przez ks. Antoniego Drwi\u0142\u0119 przyst\u0105pi\u0142o do I Komunii \u015awi\u0119tej (ju\u017c w nowej kaplicy).<\/p>\n<p align=\"JUSTIFY\"><b>16 maja<\/b> odby\u0142a si\u0119 wizytacja kanoniczna w naszej parafii. Wizytatorem by\u0142 ks. kard. Henryk Gulbinowicz. Bierzmowanych zosta\u0142o 160 os\u00f3b.<\/p>\n<p align=\"JUSTIFY\"><b>25 grudnia<\/b> odprawiono w nowej kaplicy pierwsz\u0105 Pasterk\u0119.<\/p>\n<p align=\"JUSTIFY\">W tym roku nauka religii wr\u00f3ci\u0142a do szk\u00f3\u0142. W Szkole Podstawowej nr 28 podj\u0105\u0142 prac\u0119 ks. Aleksander Trojan i katechetka, Anna Okurowska. W Szkole Podstawowej nr 32 przyst\u0105pili do pracy: ks. Franciszek Skorusa, ks. Antoni Drwi\u0142a, ks. Krzysztof Szczeci\u0144ski oraz katechetki: Sabina Chachulska i Dorota Szeszo. W klasach obu szk\u00f3\u0142 zawis\u0142y krzy\u017ce podarowane przez parafi\u0119.<\/p>\n<p><b>W grudniu<\/b> w Szkole Podstawowej nr 32 (a 20 stycznia 1991 roku w kaplicy) uczniowie klas m\u0142odszych przedstawili Jase\u0142ka.<\/p>\n<p>&nbsp;<\/p>\n","protected":false},"excerpt":{"rendered":"<p>3. HISTORIA PARAFII W LATACH 1981-1990 Rok 1981 \u00a0\u00a0\u00a0\u00a0\u00a0\u00a0\u00a0\u00a0\u00a0\u00a0\u00a0\u00a0 25 czerwca do parafii p. w. \u015bw. Micha\u0142a Archanio\u0142a na Muchoborze Wielkim zosta\u0142 (decyzj\u0105 metropolity) delegowany ks. Franciszek Skorusa z przeznaczeniem &#8230;<\/p>\n","protected":false},"author":7,"featured_media":0,"parent":103,"menu_order":3,"comment_status":"closed","ping_status":"closed","template":"","meta":[],"_links":{"self":[{"href":"http:\/\/www.mbnp.archidiecezja.wroc.pl\/index.php?rest_route=\/wp\/v2\/pages\/498"}],"collection":[{"href":"http:\/\/www.mbnp.archidiecezja.wroc.pl\/index.php?rest_route=\/wp\/v2\/pages"}],"about":[{"href":"http:\/\/www.mbnp.archidiecezja.wroc.pl\/index.php?rest_route=\/wp\/v2\/types\/page"}],"author":[{"embeddable":true,"href":"http:\/\/www.mbnp.archidiecezja.wroc.pl\/index.php?rest_route=\/wp\/v2\/users\/7"}],"replies":[{"embeddable":true,"href":"http:\/\/www.mbnp.archidiecezja.wroc.pl\/index.php?rest_route=%2Fwp%2Fv2%2Fcomments&post=498"}],"version-history":[{"count":4,"href":"http:\/\/www.mbnp.archidiecezja.wroc.pl\/index.php?rest_route=\/wp\/v2\/pages\/498\/revisions"}],"predecessor-version":[{"id":1192,"href":"http:\/\/www.mbnp.archidiecezja.wroc.pl\/index.php?rest_route=\/wp\/v2\/pages\/498\/revisions\/1192"}],"up":[{"embeddable":true,"href":"http:\/\/www.mbnp.archidiecezja.wroc.pl\/index.php?rest_route=\/wp\/v2\/pages\/103"}],"wp:attachment":[{"href":"http:\/\/www.mbnp.archidiecezja.wroc.pl\/index.php?rest_route=%2Fwp%2Fv2%2Fmedia&parent=498"}],"curies":[{"name":"wp","href":"https:\/\/api.w.org\/{rel}","templated":true}]}}