{"id":1255,"date":"2016-02-27T11:29:46","date_gmt":"2016-02-27T10:29:46","guid":{"rendered":"http:\/\/www.mbnp.archidiecezja.wroc.pl\/?page_id=1255"},"modified":"2020-05-04T18:10:06","modified_gmt":"2020-05-04T16:10:06","slug":"aktualnosci-pzc","status":"publish","type":"page","link":"http:\/\/www.mbnp.archidiecezja.wroc.pl\/?page_id=1255","title":{"rendered":"Aktualno\u015bci PZC"},"content":{"rendered":"\n<figure class=\"wp-block-image\"><img decoding=\"async\" loading=\"lazy\" width=\"959\" height=\"835\" src=\"http:\/\/www.mbnp.archidiecezja.wroc.pl\/wp-content\/uploads\/2020\/05\/syria-du\u017cy-1.png\" alt=\"\" class=\"wp-image-4628\" srcset=\"http:\/\/www.mbnp.archidiecezja.wroc.pl\/wp-content\/uploads\/2020\/05\/syria-du\u017cy-1.png 959w, http:\/\/www.mbnp.archidiecezja.wroc.pl\/wp-content\/uploads\/2020\/05\/syria-du\u017cy-1-300x261.png 300w, http:\/\/www.mbnp.archidiecezja.wroc.pl\/wp-content\/uploads\/2020\/05\/syria-du\u017cy-1-768x669.png 768w\" sizes=\"(max-width: 959px) 100vw, 959px\" \/><\/figure>\n\n\n\n<h4 class=\"wp-block-heading\"><strong>POTRZEBUJESZ\nPOMOCY?<\/strong><\/h4>\n\n\n\n<ul><li><strong>Bezp\u0142atna\npomoc prawna<\/strong> &#8211; przys\u0142uguje\nosobie, kt\u00f3ra z\u0142o\u017cy o\u015bwiadczenie, <br>\n\u017ce nie jest w stanie ponie\u015b\u0107 koszt\u00f3w odp\u0142atnej pomocy prawnej, \u015bwiadczona <br>\nw 26 punktach we Wroc\u0142awiu, najbli\u017csze:<\/li><li>ul.\nIgnuta 125 (Kozan\u00f3w, dojazd autobusem 126) &nbsp;pon.-pi\u0105tek 8.00-16.00 <\/li><li>Wroc\u0142awskie\nCentrum Rozwoju Spo\u0142ecznego, Plac Dominika\u0144ski 6, <br>\npon.-pi\u0105tek 11.00-19.00 <\/li><\/ul>\n\n\n\n<p>Wizyt\u0119 w punkcie nieodp\u0142atnej pomocy prawnej trzeba\num\u00f3wi\u0107 &nbsp;telefonicznie pod numerem tel.\n+48 71 777 98 88<\/p>\n\n\n\n<ul><li><strong>Policyjny\nTelefon Zaufania<\/strong> 0800\n283 107 (z telefon\u00f3w stacjonarnych\/ po\u0142\u0105czenie bezp\u0142atne), 71 344 15 53 z\ntelefon\u00f3w kom\u00f3rkowych; dy\u017cury policjant\u00f3w: poniedzia\u0142ek-pi\u0105tek godz.\n10.00-18.00, przez reszt\u0119 dnia w\u0142\u0105czona jest automatyczna sekretarka,\nods\u0142uchiwana na bie\u017c\u0105co, <\/li><li><strong>Og\u00f3lnopolski Telefon dla Ofiar Przemocy w\nRodzinie &#8222;Niebieska Linia&#8221;<\/strong> <br>\n801 120 002 (poniedzia\u0142ek-sobota: 8.00-22.00, niedziele i \u015bwi\u0119ta: 8.00-16.00)<\/li><li><strong>Telefon Zaufania Miejskiego O\u015brodka Pomocy\nSpo\u0142ecznej we Wroc\u0142awiu<\/strong> <br>\n512 198&nbsp;939 (wsparcie\ndla kobiet borykaj\u0105cych si\u0119 z problemami przemocy w rodzinie, psychologicznymi,\nkt\u00f3rymi, z r\u00f3\u017cnych powod\u00f3w, nie chc\u0105 lub nie mog\u0105 podzieli\u0107 si\u0119 w rodzinie)<\/li><li><strong>Telefon zaufania dla dzieci i m\u0142odzie\u017cy<\/strong>&nbsp;<a href=\"tel:116%20111\">116 111&nbsp;<\/a>(linia bezp\u0142atna)<\/li><li><strong>Duszpasterski\nTelefon Zaufania<\/strong> 71\n321 35 46<\/li><\/ul>\n\n\n\n<p>Dy\u017cury:\nponiedzia\u0142ek\u2013pi\u0105tek: 18.00\u201321.00<\/p>\n\n\n\n<ul><li><strong>Miejski O\u015brodek Pomocy Spo\u0142ecznej<\/strong><\/li><\/ul>\n\n\n\n<p>53-611 Wroc\u0142aw<\/p>\n\n\n\n<p>ul. Strzegomska 6 (dojazd ka\u017cdym autobusem jad\u0105cym w\nstron\u0119 centrum)&nbsp; <\/p>\n\n\n\n<p>tel.\n71 78-22-322<\/p>\n\n\n\n<ul><li><strong>\u0141a\u017ania\n<\/strong>Caritas\nArchidiecezji Wroc\u0142awskiej \u2013 bezp\u0142atna; wydawanie odzie\u017cy<\/li><\/ul>\n\n\n\n<p>ul. Katedralna 7, Wroc\u0142aw (dojazd autobusem nr 149) <\/p>\n\n\n\n<p>\u0141a\u017ania\nczynna jest w poniedzia\u0142ki, \u015brody i pi\u0105tki w godz. 6.00-14.00.<\/p>\n\n\n\n<ul><li><strong>Jad\u0142odajnia\n<\/strong>przy Centrum\nSocjalnym Caritas Archidiecezji Wroc\u0142awskiej<\/li><\/ul>\n\n\n\n<p>ul. S\u0142owia\u0144ska 17, Wroc\u0142aw (dojazd autobusami nr 132 i\n142)<\/p>\n\n\n\n<p>Bezp\u0142atne posi\u0142ki wydawane s\u0105 od poniedzia\u0142ku do pi\u0105tku w\ngodz. <br>\n12.00 \u2013 14.00.<\/p>\n\n\n\n<h3 class=\"wp-block-heading\"><strong>POMOC W CZASIE EPIDEMII<\/strong><\/h3>\n\n\n\n<p>W\nzwi\u0105zku ze stanem epidemii, Parafialny Zesp\u00f3\u0142 Caritas obj\u0105\u0142 szczeg\u00f3ln\u0105 opiek\u0105\nosoby starsze i schorowane z naszej Parafii, kt\u00f3re nie maj\u0105 wsparcia rodziny\nczy os\u00f3b bliskich. Forma pomocy zale\u017cy od potrzeb konkretnej osoby, np.\nrobienie zakup\u00f3w, paczki z \u017cywno\u015bci\u0105. <\/p>\n\n\n\n<p>Jak\nmo\u017cna pom\u00f3c?<\/p>\n\n\n\n<ul><li>w\u0142\u0105czaj\u0105c si\u0119 w\nwolontariat \u2013 zg\u0142oszenia pod nr 502 547 993 <\/li><li>przekazuj\u0105c symboliczn\u0105\nkwot\u0119 na konto Parafialnego Zespo\u0142u Caritas, z tytu\u0142em wp\u0142aty: <em>Pomoc dla seniora<\/em>. Nr konta 61 1020 5242\n0000 2302 0138 5640<\/li><\/ul>\n\n\n\n<p>Zg\u0142oszenia\nos\u00f3b potrzebuj\u0105cych pod nr 502 547 993<\/p>\n\n\n\n<figure class=\"wp-block-image\"><img decoding=\"async\" loading=\"lazy\" width=\"529\" height=\"112\" src=\"http:\/\/www.mbnp.archidiecezja.wroc.pl\/wp-content\/uploads\/2016\/02\/logo1-rodzina-rodzinie.jpg\" alt=\"\" class=\"wp-image-2832\" srcset=\"http:\/\/www.mbnp.archidiecezja.wroc.pl\/wp-content\/uploads\/2016\/02\/logo1-rodzina-rodzinie.jpg 529w, http:\/\/www.mbnp.archidiecezja.wroc.pl\/wp-content\/uploads\/2016\/02\/logo1-rodzina-rodzinie-300x64.jpg 300w\" sizes=\"(max-width: 529px) 100vw, 529px\" \/><\/figure>\n\n\n\n<h4 class=\"wp-block-heading\"><strong>\u201eRODZINA RODZINIE\u201d W CZASIE EPIDEMII<\/strong><\/h4>\n\n\n\n<p>W zwi\u0105zku z epidemi\u0105 koronawirusa, obecnie nie mo\u017cemy\norganizowa\u0107 niedzielnych spotka\u0144 w kawiarence parafialnej, w czasie kt\u00f3rych\nmogli\u015bcie Pa\u0144stwo wspiera\u0107 program \u201eRodzina Rodzinie\u201d. <\/p>\n\n\n\n<p><strong>Program\njednak ca\u0142y czas dzia\u0142a!<\/strong> Co miesi\u0105c\nprzekazujemy na konto Caritas Polska zadeklarowane przez nasz\u0105 Parafi\u0119 kwoty. <\/p>\n\n\n\n<p>Obecnie\nnasi Parafianie pomagaj\u0105 <strong>3 rodzinom w\nAleppo <\/strong>(z uwagi na nowe zasady wprowadzone przez Caritas Polska, nie mo\u017cemy\nujawni\u0107 danych osobowych tych rodzin). Wspieramy je kwot\u0105 490 z\u0142 przez okres 12\nm-cy <br>\n(do lutego 2021 r.).<\/p>\n\n\n\n<p>W czasie epidemii Program mo\u017cna wspom\u00f3c wp\u0142acaj\u0105c\ndatek na konto bankowe Zespo\u0142u <\/p>\n\n\n\n<p>61 1020 5242 0000 2302 0138 5640 PKO PB SA Oddzia\u0142 7\nwe Wroc\u0142awiu<\/p>\n\n\n\n<p>(w tytule wp\u0142aty koniecznie prosimy zaznaczy\u0107 \u201eRodzina\nRodzinie\u201d \u2013 inaczej wp\u0142ata zostanie przeznaczona na inne cele)<\/p>\n\n\n\n<p>Program\n\u201eRodzina Rodzinie\u201d zosta\u0142 uruchomiony przez Caritas Polska <br>\nw pa\u017adzierniku 2016 roku. Od tego czasu, dzi\u0119ki dobremu sercu i ofiarno\u015bci Polak\u00f3w,&nbsp;przekazano\npotrzebuj\u0105cym rodzinom w Syrii:<\/p>\n\n\n\n<ul><li>ponad 54 miliony z\u0142<\/li><li>dla 9.000 rodzin (40% chrze\u015bcija\u0144skich rodzin\nw Aleppo)<\/li><li>od 20.000 darczy\u0144c\u00f3w \u2013 a w\u015br\u00f3d nich nasza\nParafia\u2026<\/li><\/ul>\n\n\n\n<p><em>Serdecznie\ndzi\u0119kujemy za wsparcie programu \u201dRodzina Rodzinie\u201d!!!!<\/em><\/p>\n\n\n\n<h4 class=\"wp-block-heading\"><strong>PODSUMOWANIE ROKU 2019<\/strong><\/h4>\n\n\n\n<ul><li><strong>program \u201eRodzina\nRodzinie\u201d:<\/strong> w 2019 r. wsparciem Parafian\nobj\u0119tych by\u0142o <strong>8 rodzin<\/strong> mieszkaj\u0105cych <br>\nw Aleppo, ka\u017cda z nich otrzyma\u0142a wsparcie <strong>na p\u00f3\u0142 roku<\/strong>, zgodnie z\nzasadami Programu; w trakcie kawiarenek parafialnych oraz w formie wp\u0142at na\nkonto otrzymali\u015bmy od Parafian na ten cel 19.898,26 z\u0142; wp\u0142acili\u015bmy <br>\nw 2019 r. na Program 17.340 z\u0142 (pozosta\u0142a kwota to rezerwa przeznaczona na kontynuacj\u0119\nProgramu w 2020 r.)<\/li><li>doch\u00f3d ze\nsprzeda\u017cy <strong>\u015bwiec, barank\u00f3w wielkanocnych <\/strong>i ze<strong> skarbonek wielkopostnych<\/strong>\n\u2013 2114,50 z\u0142 (cz\u0119\u015bciowo przekazany do Caritas Archidiecezji Wroc\u0142awskiej, cz\u0119\u015bciowo\nna wsparcie ubogich Parafian)<\/li><li><strong>\u201eTorby\nMi\u0142osierdzia\u201d<\/strong> \u2013 zbi\u00f3rki w\u015br\u00f3d\nParafian w Wielkim Po\u015bcie, we wrze\u015bniu i w Adwencie <\/li><li><strong>zbiorki &nbsp;\u017cywno\u015bci w sklepach<\/strong>, w ramach og\u00f3lnopolskich zbi\u00f3rek Caritas: w Lidlu\nprzy ul. Muchoborskiej <br>\n(29-30 marca i 6-7 grudnia) i w Biedronce przy ul. Mi\u0144skiej (20-21 wrze\u015bnia)<\/li><li><strong>poniedzia\u0142kowe\ndy\u017cury<\/strong> \u2013 wydawanie \u017cywno\u015bci dla\npotrzebuj\u0105cych Parafian (obecnie obejmujemy opiek\u0105 <br>\nok. 50 rodzin);<\/li><li><strong>spotkanie\nop\u0142atkowe dla podopiecznych Zespo\u0142u <\/strong><\/li><li><strong>agapa dla Parafian<\/strong> z okazji \u015awi\u0119ta Mi\u0142osierdzia Bo\u017cego w salce\nparafialnej, po\u0142\u0105czona z projekcj\u0105 filmu \u201eOblicza Mi\u0142osierdzia\u201d<\/li><li>kwesta na rzecz\nCaritas w trakcie <strong>Orszaku Trzech Kr\u00f3li<\/strong> <\/li><li><strong>3 wystawy<\/strong> dla Parafian na temat: misji w\u015br\u00f3d Pigmej\u00f3w,\nMi\u0142osierdzia Bo\u017cego oraz \u015aw. Brata Alberta <br>\ni B\u0142. Matki Bernardyny <\/li><li>wprowadzenie do\nparafii <strong>relikwii<\/strong> \u015aw. Brata Alberta Chmielowskiego i B\u0142. Matki Bernardyny\nJab\u0142o\u0144skiej, po\u0142\u0105czone z ustanowieniem ich patronami Parafialnego Zespo\u0142u\nCaritas<\/li><\/ul>\n\n\n<p><a href=\"http:\/\/www.mbnp.archidiecezja.wroc.pl\/wp-content\/uploads\/2016\/02\/TRZECH-KR\u00d3LI-CARITAS.jpg\" rel=\"lightbox[1255]\"><img decoding=\"async\" loading=\"lazy\" class=\"aligncenter size-large wp-image-2966\" src=\"http:\/\/www.mbnp.archidiecezja.wroc.pl\/wp-content\/uploads\/2016\/02\/TRZECH-KR\u00d3LI-CARITAS-1024x598.jpg\" alt=\"TRZECH KR\u00d3LI CARITAS\" width=\"648\" height=\"378\" srcset=\"http:\/\/www.mbnp.archidiecezja.wroc.pl\/wp-content\/uploads\/2016\/02\/TRZECH-KR\u00d3LI-CARITAS-1024x598.jpg 1024w, http:\/\/www.mbnp.archidiecezja.wroc.pl\/wp-content\/uploads\/2016\/02\/TRZECH-KR\u00d3LI-CARITAS-300x175.jpg 300w\" sizes=\"(max-width: 648px) 100vw, 648px\" \/><\/a><\/p>\n<p>ORSZAK TRZECH KR\u00d3LI &#8211; KWESTOWANIE<\/p>\n<p>Podczas Orszaku Trzech Kr\u00f3li cz\u0142onkowie naszego Parafialnego Zespo\u0142u Caritas kwestowali&nbsp; wspieraj\u0105c zbi\u00f3rk\u0119 \u015brodk\u00f3w na remont jad\u0142odajni na ul. S\u0142owia\u0144skiej. Docelowo jad\u0142odajnia wydaje 500 posi\u0142k\u00f3w dziennie. Wszystkim darczy\u0144com&nbsp; sk\u0142adamy serdeczne B\u00d3G ZAP\u0141AC.<\/p>\n<p>&nbsp;<\/p>\n<p>PROGRAM &#8222;RODZINA RODZINIE&#8221;<\/p>\n<p><a href=\"http:\/\/www.mbnp.archidiecezja.wroc.pl\/wp-content\/uploads\/2016\/02\/logo1-rodzina-rodzinie.jpg\" rel=\"lightbox[1255]\"><img decoding=\"async\" loading=\"lazy\" class=\"aligncenter size-medium wp-image-2832\" src=\"http:\/\/www.mbnp.archidiecezja.wroc.pl\/wp-content\/uploads\/2016\/02\/logo1-rodzina-rodzinie-300x64.jpg\" alt=\"logo1 rodzina rodzinie\" width=\"300\" height=\"64\" srcset=\"http:\/\/www.mbnp.archidiecezja.wroc.pl\/wp-content\/uploads\/2016\/02\/logo1-rodzina-rodzinie-300x64.jpg 300w, http:\/\/www.mbnp.archidiecezja.wroc.pl\/wp-content\/uploads\/2016\/02\/logo1-rodzina-rodzinie.jpg 529w\" sizes=\"(max-width: 300px) 100vw, 300px\" \/><\/a><\/p>\n<p>Otrzymali\u015bmy podzi\u0119kowanie od Caritas Polska za udzia\u0142 naszych Parafian<\/p>\n<p>w programie &#8222;Rodzina rodzinie&#8221; oraz pro\u015bb\u0119 o kontynuacj\u0119 programu. Ju\u017c dzi\u015b<br>\nz rado\u015bci\u0105 pragniemy poinformowa\u0107 o kontynuacji pomocy na kolejne p\u00f3\u0142 roku dla czterech syryjskich rodzin z Aleppo.<br>\n&#8222;W imieniu Caritas Polska oraz rodzin, kt\u00f3re otrzyma\u0142y wsparcie w projekcie Rodzina Rodzinie serdecznie dzi\u0119kujemy za p\u00f3\u0142roczne zaanga\u017cowanie i pomoc kierowan\u0105 do wybranej rodziny z Syrii.<\/p>\n<p>Rodziny, kt\u00f3re otrzymuj\u0105 pomoc, wiedz\u0105, \u017ce to konkretne osoby, rodziny, wsp\u00f3lnoty z Polski, przekazuj\u0105 pieni\u0105dze na pomoc i popraw\u0119 ich codziennego \u017cycia. Dzi\u0119ki osobom, kt\u00f3re pracuj\u0105 z nami w Aleppo wiemy ile ta pomoc dla nich znaczy<br>\ni przekazujemy ich ciep\u0142e, z g\u0142\u0119bi serca podzi\u0119kowanie oraz zapewnienie o modlitwie.<br>\nPomimo faktu, \u017ce podobno wojny ju\u017c nie ma w Aleppo, sytuacja mieszka\u0144c\u00f3w miasta jest nadal bardzo ci\u0119\u017cka. Do tragedii wojny dochodz\u0105 dramaty prze\u017cywane w ocala\u0142ych rodzinach! Utrata mieszka\u0144, dom\u00f3w oraz dorobku ca\u0142ego \u017cycia to strata nie do nadrobienia. Przy bardzo wysokich cenach za wod\u0119, pr\u0105d oraz kilkana\u015bcie razy dro\u017csz\u0105 \u017cywno\u015b\u0107 rodziny znajduj\u0105 si\u0119 na skraju n\u0119dzy i ub\u00f3stwa. Koszty \u017cycia s\u0105 niepor\u00f3wnanie wy\u017csze, a mo\u017cliwo\u015bci zarobkowania w zburzonym mie\u015bcie praktycznie nie ma. By \u017cy\u0107 rodzina potrzebuje \u015brednio oko\u0142o 150-200 $. Je\u015bli cz\u0142onkowie rodziny znajd\u0105 prac\u0119 zarabiaj\u0105 tylko 20-40$. Do tego dochodz\u0105 powa\u017cne choroby i niepe\u0142nosprawno\u015b\u0107 dotykaj\u0105ce wielu mieszka\u0144c\u00f3w b\u0119d\u0105ce wynikiem d\u0142ugotrwa\u0142ego ostrza\u0142u, nalot\u00f3w, regularnych bombardowa\u0144 oraz braku opieki medycznej. Nad wieloma rodzinami od niedawna zawis\u0142a gro\u017aba utraty jedynego \u017ar\u00f3d\u0142a dochodu w zwi\u0105zku z decyzj\u0105 powo\u0142ywania do wojska m\u0119\u017cczyzn do 47 roku \u017cycia b\u0119d\u0105cych nierzadko jedynymi \u017cywicielami rodziny. W Syrii nie ma systemu opieki emerytalnej i ci\u0119\u017car opieki nad osobami starszymi spoczywa na dzieciach. Z uwagi na ogromne spustoszenia, kt\u00f3rych dokona\u0142a wojna \u015bmierci najbli\u017cszych, lud\u017ami starszymi nie ma kto si\u0119 zajmowa\u0107. \u017byj\u0105 oni w skrajnej n\u0119dzy. Rodzic\u00f3w ma\u0142ych dzieci nie sta\u0107 na pos\u0142anie ich do szko\u0142y, op\u0142acenia czesnego, nie wspominaj\u0105c o zakupie ksi\u0105\u017cek, wyprawki szkolnej czy ubra\u0144. Koszty pos\u0142ania dzieci do szko\u0142y s\u0105 przeogromne, rodzice kosztem swojego niejedzenia staraj\u0105 si\u0119 wygospodarowa\u0107 pieni\u0105dze na uczynienie \u017cycia swoich dzieci normalnym.<br>\nDlatego te\u017c w imieniu rodzin syryjskich z Aleppo prosimy o dalsz\u0105 pomoc i wsparcie, dzi\u0119ki kt\u00f3remu odbuduj\u0105 one nie tylko miasto, ale i w\u0142asne \u017cycie. Wierzymy,<br>\n\u017ce zechc\u0105 Pa\u0144stwo pozosta\u0107 z nami i pom\u00f3c mieszka\u0144com odbudowa\u0107 Aleppo<\/p>\n<p>&nbsp;<\/p>\n<p><strong><u>Rodziny obj\u0119te programem \u201eRodzina rodzinie\u201d przez nasz\u0105 wsp\u00f3lnot\u0119 parafialn\u0105:<\/u><\/strong><\/p>\n<p>&nbsp;<\/p>\n<p><strong>Imelien Deyab Elbdewi \u2013 Syria Aleppo (ID 1957)<\/strong><\/p>\n<p>Jest wdow\u0105. Ma 67 lat. Jest bardzo biedna, bez \u017ar\u00f3de\u0142 dochodu. W wojnie straci\u0142a ca\u0142y sw\u00f3j dobytek oraz dom. Potrzebuje \u017cywno\u015bci, kt\u00f3ra w Aleppo jest obecnie bardzo droga. Potrzebuje r\u00f3wnie\u017c op\u0142aci\u0107 koszty zwi\u0105zane z wynajmem mieszkania oraz opa\u0142u<\/p>\n<p>na zim\u0119. Du\u017cym wydatkiem jest tak\u017ce dost\u0119p do pr\u0105du z generator\u00f3w, kt\u00f3ry sukcesywnie dro\u017ceje w zwi\u0105zku z przed\u0142u\u017caj\u0105c\u0105 si\u0119 wojn\u0105.<\/p>\n<p>&nbsp;<\/p>\n<p>&nbsp;<\/p>\n<p><strong>Iskandar Saeed Safar \u2013 Syria Aleppo (ID 1861)<\/strong><\/p>\n<p>Jest samotnym m\u0119\u017cczyzn\u0105. Ma 57 lat. Mieszka w Aleppo. Jest biedny i samotny, bez \u017ar\u00f3de\u0142 dochodu. R\u00f3wnie\u017c on straci\u0142 w wyniku wojny ca\u0142y sw\u00f3j dobytek i dom. Potrzebuje \u017cywno\u015bci i opa\u0142u. Tak\u017ce dla niego du\u017cym wydatkiem jest dost\u0119p do pr\u0105du<\/p>\n<p>z generator\u00f3w.<\/p>\n<p>&nbsp;<\/p>\n<p><strong>Kalusd Kalusdian \u2013 Syria Aleppo (ID 2387)<\/strong><\/p>\n<p>&nbsp;<\/p>\n<p>Kalusd Kalusdian ma 53 lata mieszka w Aleppo z \u017con\u0105 Albert\u0105 Arevian, kt\u00f3ra ma 44 lata. Maj\u0105 dw\u00f3jk\u0119 dzieci: Arev 7 lat i Nanor 5 lat. Jest to bardzo biedna rodzina bez \u017ar\u00f3de\u0142 dochodu i bez pracy. W Aleppo od 2 lat nie ma elektryczno\u015bci i bie\u017c\u0105cej wody. Rodzina potrzebuje \u015brodk\u00f3w na zakup dost\u0119pu do elektryczno\u015bci (tzw. amper\u00f3w), kt\u00f3ry stale dro\u017ceje w zwi\u0105zku z przed\u0142u\u017caj\u0105c\u0105 si\u0119 wojn\u0105. Potrzebuj\u0105 zakupi\u0107 wod\u0119, kt\u00f3ra jest dystrybuowana cysternami w mie\u015bcie. Potrzebuj\u0105 r\u00f3wnie\u017c \u017cywno\u015bci, kt\u00f3ra w Aleppo jest obecnie bardzo droga. Potrzebuj\u0105 r\u00f3wnie\u017c op\u0142aci\u0107 koszty zwi\u0105zane<br>\nz wynajmem mieszkania oraz ogrzewania (tzw. mazutu), bo jeszcze jest zimno.<\/p>\n<p>&nbsp;<\/p>\n<p><strong>Samir Nadem Estanbouliha \u2013 Syria Aleppo &nbsp;(ID 4176)<\/strong><\/p>\n<p>&nbsp;<\/p>\n<p>M\u0119\u017cczyzna nazywa si\u0119 Samir NADEM ESTANBOULIHA. Mieszka w Aleppo z \u017con\u0105 i dzieckiem. Jest to bardzo biedna rodzina, bez \u017ar\u00f3de\u0142 dochodu i bez pracy. W wojnie stracili ca\u0142y sw\u00f3j dobytek oraz dom. Potrzebuj\u0105 op\u0142aci\u0107 koszty zwi\u0105zane z wynajmem mieszkania. Potrzebuj\u0105 zakupi\u0107 wod\u0119, kt\u00f3ra jest dystrybuowana cysternami w mie\u015bcie. Potrzebuj\u0105 r\u00f3wnie\u017c \u017cywno\u015bci, kt\u00f3ra w Aleppo jest obecnie bardzo droga oraz leki. Potrzebuj\u0105 r\u00f3wnie\u017c op\u0142aci\u0107 koszty zwi\u0105zane z wynajmem mieszkania. &nbsp;Du\u017cym wydatkiem jest tak\u017ce dost\u0119p do pr\u0105du z generator\u00f3w, kt\u00f3ry sukcesywnie dro\u017ceje w zwi\u0105zku z przed\u0142u\u017caj\u0105c\u0105 si\u0119 wojn\u0105.<\/p>\n<p><strong>Hagop Bardakjian &#8211; Syria Aleppo ( ID 2346)<\/strong><\/p>\n<p>Mieszka w Aleppo z \u017con\u0105 Naaila kt\u00f3ra ma 61 lat. Maj\u0105 tr\u00f3jk\u0119 dzieci: Maria 34 lata, Edwar 31 lat, Ani 28 lat.&nbsp;Jest to bardzo biedna rodzina, bez \u017ar\u00f3de\u0142 dochodu i bez pracy.&nbsp;W Aleppo od 2 lat nie ma elektryczno\u015bci i bie\u017c\u0105cej wody. Rodzina potrzebuje \u015brodk\u00f3w na zakup dost\u0119pu do elektryczno\u015bci (tzw. amper\u00f3w), kt\u00f3ry stale dro\u017ceje w zwi\u0105zku z przed\u0142u\u017caj\u0105c\u0105 si\u0119 wojn\u0105. Potrzebuj\u0105 zakupi\u0107 wod\u0119, kt\u00f3ra jest dystrybuowana cysternami w mie\u015bcie. Potrzebuj\u0105 r\u00f3wnie\u017c \u017cywno\u015bci, kt\u00f3ra w Aleppo jest obecnie bardzo droga. Potrzebuj\u0105 r\u00f3wnie\u017c op\u0142aci\u0107 koszty zwi\u0105zane<br>\nz wynajmem mieszkania oraz ogrzewania (tzw. mazutu), bo jeszcze jest zimno.<\/p>\n<p>&nbsp;<\/p>\n<p><a href=\"http:\/\/www.mbnp.archidiecezja.wroc.pl\/wp-content\/uploads\/2017\/08\/podzi\u0119kowanie-ok.jpg\" rel=\"lightbox[1255]\"><img decoding=\"async\" loading=\"lazy\" class=\"aligncenter size-medium wp-image-2754\" src=\"http:\/\/www.mbnp.archidiecezja.wroc.pl\/wp-content\/uploads\/2017\/08\/podzi\u0119kowanie-ok-216x300.jpg\" alt=\"podzi\u0119kowanie ok\" width=\"216\" height=\"300\" srcset=\"http:\/\/www.mbnp.archidiecezja.wroc.pl\/wp-content\/uploads\/2017\/08\/podzi\u0119kowanie-ok-216x300.jpg 216w, http:\/\/www.mbnp.archidiecezja.wroc.pl\/wp-content\/uploads\/2017\/08\/podzi\u0119kowanie-ok-738x1024.jpg 738w, http:\/\/www.mbnp.archidiecezja.wroc.pl\/wp-content\/uploads\/2017\/08\/podzi\u0119kowanie-ok.jpg 1016w\" sizes=\"(max-width: 216px) 100vw, 216px\" \/><\/a><\/p>\n<hr>\n<p>&nbsp;<\/p>\n<p><strong>Metropolitarna Pielgrzymka Caritas do grobu \u015bw. Jadwigi<\/strong><\/p>\n<p>Pracownicy, opiekunowie, dobrodzieje wszystkich Caritas metropolii wroc\u0142awskiej spotkali si\u0119 30 wrze\u015bnia w Trzebnicy u grobu swojej patronki. \u015bw. Jadwigi.&nbsp; Bo\u017cenka Sporek&nbsp; wraz z Barbar\u0105 Czelu\u015bniak mia\u0142y zaszczyt reprezentowa\u0107 nasz Parafialny Zesp\u00f3\u0142 Caritas w obchodach jadwi\u017ca\u0144skich.<!--more--><\/p>\n<p>Pielgrzymka ta wpisuje si\u0119 w obchody 750 rocznicy wyniesienia na o\u0142tarze \u015bw. Jadwigi \u015al\u0105skiej.<\/p>\n<p>Rozpocz\u0119\u0142a si\u0119 Eucharysti\u0105 o godz.10, w bazylice, kt\u00f3rej przewodniczy\u0142 abp J\u00f3zef Kupny, koncelebrowali: bp Ignacy Dec, oraz bp Zbigniew Kiernikowski. Biskup zaznaczy\u0142 ,\u017ce w roku jubileuszowym prosimy o wstawiennictwo o pok\u00f3j we wsp\u00f3\u0142czesnym ,targanym wieloma niepokoj\u0105cymi wydarzeniami \u015bwiecie. \u015aw. Jadwiga to posta\u0107 w ktorej \u017cyciu sprawdzi\u0142a si\u0119 ewangeliczna regu\u0142a, \u017ce je\u017celi kto\u015b idzie za Jezusem i stara si\u0119 go na\u015bladowa\u0107 otrzymuje misj\u0119 by g\u0142osi\u0107 Ewangeli\u0119 ,by pomaga\u0107 bli\u017cnim, by kocha\u0107 i s\u0142u\u017cy\u0107 g\u0142odnymi cierpi\u0105cym. Podczas Eucharystii odby\u0142a si\u0119 procesja do grobu \u015bw. Jadwigi jako patronki dzie\u0142 mi\u0142osierdzia i na\u0142o\u017cenie wszystkim uczestnikom medalik\u00f3w z wizerunkiem \u015bwi\u0119tej.<\/p>\n<p>Po mszy \u015bwi\u0119tej odby\u0142o si\u0119 Sympozjum dla Parafialnych Zespo\u0142\u00f3w Caritas w Gminnym Centrum Kultury i Sportu ,panel dyskusyjny poprowadzi\u0142o Obserwatorium Spo\u0142eczne. W sympozjum udzia\u0142 wzi\u0119li bp Zbigniew Kiernikowski z Legnicy ,ks. Marcin I\u017cycki dyrektor Caritas Polska, oraz siostra Bernarda Janusiewicz boromeuszka trzebnicka. Biskup&nbsp; rozwija\u0142 definicj\u0119 s\u0142owa \u2018\u2019MI\u0141OSIERDZIE\u2019\u2019<br>\nw oparciu o r\u00f3\u017cn\u0105 postaw\u0119 cz\u0142owieka. Podkre\u015bli\u0142 ,i\u017c&nbsp; cz\u0142owiek czyni\u0105cy mi\u0142osierdzie mo\u017ce dzia\u0142a\u0107<br>\nz r\u00f3\u017cnych pobudek; z ludzkiego odruchu, z boja\u017cni Bo\u017cej, oraz z ch\u0119ci uczynienia siebie biednym na wz\u00f3r Chrystusa ,kt\u00f3ry s\u0142u\u017cy\u0142 innym. Siostra Bernarda przybli\u017cy\u0142a sylwetk\u0119 \u015bw. Jadwigi \u015al\u0105skiej ,ukazuj\u0105c j\u0105 jako kobiet\u0119 g\u0142\u0119bokiej wiary, wykszta\u0142con\u0105, przedsi\u0119biorcz\u0105,&nbsp; pos\u0142uguj\u0105c\u0105 ubogim .Dyrektor Caritas Polska ks.Marcin I\u017cycki podsumowa\u0142 zebranym dzia\u0142alno\u015b\u0107 k\u00f3\u0142 Caritas, opowiedzia\u0142 o planach na przysz\u0142o\u015b\u0107 ,ale tak\u017ce przedstawi\u0142 role tematu mi\u0142osierdzia w nauczaniu Papie\u017ca Franciszka.<\/p>\n<p>Ponadto odby\u0142y si\u0119 wyst\u0119py podopiecznych plac\u00f3wek ,oraz spotkanie z czasami i zwyczajami<br>\n\u015bw. Jadwigi \/pokazy rycerskie, ta\u0144ce dworskie, oraz koncert uwielbienia w wykonaniu zespo\u0142u N.O.E.. Metropolitarna Pielgrzymka zako\u0144czy\u0142a si\u0119 wsp\u00f3lnym obiadem, podczas kt\u00f3rego uda\u0142o nam si\u0119 porozmawia\u0107 z ks. Marcinem I\u017cyckim Dyrektorem Caritas Polska zaprezentowa\u0107 nasz Parafialny Zesp\u00f3\u0142, zrobi\u0107 pami\u0105tkowe zdj\u0119cie. Ks. Dyrektor z\u0142o\u017cy\u0142 podzi\u0119kowania za nasz\u0105 owocn\u0105&nbsp; prac\u0119<br>\ni pos\u0142ug\u0119 dla&nbsp; Ksi\u0119dza Proboszcza Zbigniewa Ordy oraz dla wszystkich cz\u0142onk\u00f3w naszego Parafialnego Zespo\u0142u Caritas .<\/p>\n<p>Pielgrzymka by\u0142a dla nas czasem obfitego b\u0142ogos\u0142awie\u0144stwa, \u015bwi\u0119towania, wsp\u00f3lnego dzielenia si\u0119 do\u015bwiadczeniem w niesieniu pomocy bli\u017aniemu na wz\u00f3r naszej patronki \u015bw. Jadwigi, kt\u00f3ra na\u015bladowa\u0142a samego Chrystusa.<\/p>\n<p>Barbara Czelu\u015bniak<\/p>\n<p><a href=\"http:\/\/www.mbnp.archidiecezja.wroc.pl\/wp-content\/uploads\/2016\/02\/trzebnica2017.jpg\" rel=\"lightbox[1255]\"><img decoding=\"async\" loading=\"lazy\" class=\"aligncenter size-medium wp-image-2829\" src=\"http:\/\/www.mbnp.archidiecezja.wroc.pl\/wp-content\/uploads\/2016\/02\/trzebnica2017-300x225.jpg\" alt=\"trzebnica2017\" width=\"300\" height=\"225\" srcset=\"http:\/\/www.mbnp.archidiecezja.wroc.pl\/wp-content\/uploads\/2016\/02\/trzebnica2017-300x225.jpg 300w, http:\/\/www.mbnp.archidiecezja.wroc.pl\/wp-content\/uploads\/2016\/02\/trzebnica2017.jpg 708w\" sizes=\"(max-width: 300px) 100vw, 300px\" \/><\/a><\/p>\n<hr>\n<p style=\"text-align: right;\"><strong><em>&#8222;Im wi\u0119cej kto opuszczony z tym wi\u0119ksz\u0105 mi\u0142o\u015bci\u0105 s\u0142u\u017cy\u0107 mu trzeba,<\/em><\/strong><\/p>\n<p style=\"text-align: right;\"><strong><em>bo samego Pana Jezusa w osobie tego ubogiego ratujemy.&#8221;<\/em><\/strong><em>&nbsp;&nbsp;&nbsp;&nbsp;&nbsp;&nbsp; <\/em><\/p>\n<p style=\"text-align: right;\">\u015aw. Brat Albert<\/p>\n<p>Za nami kolejna zbi\u00f3rka dar\u00f3w &#8222;<em><strong>Adwentowy Dar Serca<\/strong><\/em>&#8222;. Dzi\u0119ki Pa\u0144stwa hojno\u015bci mo\u017cemy wesprze\u0107 regularn\u0105 pomoc\u0105 ju\u017c 40 os\u00f3b najubo\u017cszych z naszej Parafii. Dodatkowo cz\u0119\u015b\u0107 dar\u00f3w, jak co roku, przeznaczymy na wsparcie os\u00f3b bezdomnych ze Schroniska \u015bw Brata Alberta dla Bezdomnych Kobiet i Matek z Dzie\u0107mi, przy ul. Strzegomskiej.\n<\/p><p style=\"text-align: center;\"><a href=\"http:\/\/www.mbnp.archidiecezja.wroc.pl\/?page_id=473&amp;album=6365426790174527441\">GALERIA <\/a><\/p>\n<hr>\n<p>&nbsp;<\/p>\n<p>FINA\u0141 DNI KROMKA CHLEBA CARITAS\n<\/p><p style=\"text-align: center;\"><a href=\"http:\/\/www.mbnp.archidiecezja.wroc.pl\/wp-content\/uploads\/2016\/09\/IMG_20160917_110026903_HDR-1.jpg\" rel=\"lightbox[1255]\"><img decoding=\"async\" loading=\"lazy\" class=\"alignnone size-medium wp-image-2053\" src=\"http:\/\/www.mbnp.archidiecezja.wroc.pl\/wp-content\/uploads\/2016\/09\/IMG_20160917_110026903_HDR-1-300x225.jpg\" alt=\"img_20160917_110026903_hdr-1\" width=\"300\" height=\"225\" srcset=\"http:\/\/www.mbnp.archidiecezja.wroc.pl\/wp-content\/uploads\/2016\/09\/IMG_20160917_110026903_HDR-1-300x225.jpg 300w, http:\/\/www.mbnp.archidiecezja.wroc.pl\/wp-content\/uploads\/2016\/09\/IMG_20160917_110026903_HDR-1-1024x768.jpg 1024w, http:\/\/www.mbnp.archidiecezja.wroc.pl\/wp-content\/uploads\/2016\/09\/IMG_20160917_110026903_HDR-1.jpg 2000w\" sizes=\"(max-width: 300px) 100vw, 300px\" \/><\/a><\/p>\n<p>17 wrze\u015bnia&nbsp; wolontariusze naszego Parafialnego Zespo\u0142u Caritas wzi\u0119li udzia\u0142 w finale Dni Kromki Chleba Caritas. Akcja ta ma na celu zwr\u00f3cenie uwagi spo\u0142ecze\u0144stwa na problem niedo\u017cywienia ubogich. Dla nas sta\u0142a si\u0119 okazj\u0105&nbsp; do wsp\u00f3lnego spotkania i \u015bwi\u0119towania.<\/p>\n<p>Obchody rozpocz\u0119\u0142a wsp\u00f3lna Eucharystia we wroc\u0142awskiej Katedrze pw. \u015bw. Jana Chrzciciela, pod przewodnictwem ksi\u0119dza biskupa Andrzeja Siemieniewskiego.&nbsp; Nast\u0119pnie nast\u0105pi\u0142 uroczysty przemarsz w uroczystym korowodzie z Ostrowa Tumskiego na Pl. Solny. Zaskoczy\u0142o nas bardzo ciep\u0142e przyj\u0119cie Wroc\u0142awian, kt\u00f3rzy pozdrawiali nas u\u015bmiechem i \u017cyczliwo\u015bci\u0105. Na miejscu mogli\u015bmy popr\u00f3bowa\u0107 przygotowanych specja\u0142\u00f3w. By\u0142a chwilka na rozmowy i wymian\u0119 do\u015bwiadcze\u0144. Obchody zako\u0144czyli\u015bmy w Sali Wielkiej Ratusza, gdzie uczestniczyli\u015bmy w prelekcji \u201eZaanga\u017cowanie w wolontariat jako budowanie spo\u0142ecze\u0144stwa obywatelskiego\u201d.<\/p>\n<hr>\n<p>&nbsp;<\/p>\n<p>WYPRAWKA DLA \u017bACZKA<\/p>\n<p>W niedziel\u0119 21 sierpnia 2016 r. cz\u0142onkowie i wolontariusze PZC zbierali przyniesione przez parafian wype\u0142nione \u017cywno\u015bci\u0105&nbsp; Torby Mi\u0142osierdzia. Dary te pozwol\u0105 wesprze\u0107 najubo\u017cszych mieszka\u0144c\u00f3w naszej parafii. Obecnie&nbsp; obejmujemy opiek\u0105 ok. 30 os\u00f3b.<\/p>\n<p>W tym samym dniu mia\u0142a r\u00f3wnie\u017c miejsce zbi\u00f3rka&nbsp; artyku\u0142\u00f3w szkolnych w ramach akcji Caritas Polska \u201eWyprawka dla \u017baczka\u201d. Dzi\u0119ki ofiarno\u015bci parafian uda\u0142o si\u0119 skompletowa\u0107 23 tornistry dla uczni\u00f3w z niezamo\u017cnych rodzin, kt\u00f3re zostan\u0105 przekazane dzieciom ze Szko\u0142y Podstawowej nr28 oraz m\u0142odzie\u017cy z o\u015brodka socjoterapeutycznego.<\/p>\n<p>Zebrano r\u00f3wnie\u017c \u015brodki pieni\u0119\u017cne, kt\u00f3re zosta\u0142y przeznaczone na zakup brakuj\u0105cych do wyprawek artyku\u0142\u00f3w szkolnych.<\/p>\n<p>&nbsp;\n<\/p><p style=\"text-align: center;\">SERDECZNIE DZI\u0118KUJEMY ZA OKAZAN\u0104 POMOC I WSZELK\u0104 \u017bYCZLIWO\u015a\u0106!<\/p>\n<p style=\"text-align: center;\"><a href=\"http:\/\/www.mbnp.archidiecezja.wroc.pl\/?page_id=473&amp;album=6325702152655916641\">GALERIA <\/a><\/p>\n<hr>\n<p>\u015aWIATOWE DNI M\u0141ODZIE\u017bY<\/p>\n<p>W czasie \u015awiatowych Dni M\u0142odzie\u017cy PZC podj\u0105\u0142&nbsp; si\u0119 r\u00f3\u017cnych dzia\u0142a\u0144, kt\u00f3re mia\u0142y na celu przyj\u0119cie m\u0142odych z Hiszpanii w ramach Dni w Diecezjach&nbsp; Galilea. Cz\u0142onkowie i wolontariusze&nbsp; PZC pomagali przy rozprowadzaniu przyby\u0142ych go\u015bci do naszych parafian. Przygotowywali \u015bniadanie oraz wspierali organizacj\u0119 festynu parafialnego. Niekt\u00f3rzy z nas go\u015bcili u siebie m\u0142odzie\u017c z Hiszpanii a tak\u017ce zaanga\u017cowali si\u0119 w organizacj\u0119 Dni w Diecezjach, b\u0119d\u0105c wolontariuszami na terenie miasta. Podczas pi\u0105tkowej Adoracji Krzy\u017ca PZC uroczyst\u0105 procesj\u0105 wprowadzi\u0142 krzy\u017c do naszego Ko\u015bcio\u0142a, rozpoczynaj\u0105c wsp\u00f3ln\u0105 modlitw\u0119. To by\u0142 dobry czas, pe\u0142en wra\u017ce\u0144, wzrusze\u0144 i zwyk\u0142ej rado\u015bci, w kt\u00f3rym mogli\u015bmy prze\u017cy\u0107 pi\u0119kne do\u015bwiadczenie wsp\u00f3lnoty \u017cywego Ko\u015bcio\u0142a.\n<\/p><p style=\"text-align: center;\"><a href=\"https:\/\/photos.google.com\/album\/AF1QipOhkiua_MWx141IVwlKdcoH0LJj9ZGeXbw77X-0\">GALERIA <\/a><\/p>\n<hr>\n<p>&nbsp;<\/p>\n<p>Drugi dzie\u0144 \u015aDM \u2013 wieczorna Adoracja Krzy\u017ca<\/p>\n<p>To by\u0142 dzie\u0144 bogaty w wydarzenia. Eucharystia, wsp\u00f3lny posi\u0142ek, dzie\u0142a mi\u0142osierdzia a u schy\u0142ku dnia spotkanie na wsp\u00f3lnej modlitwie &#8211; spotkanie przy Krzy\u017cu. Skupienie, adoracja, pi\u0119kny \u015bpiew scholii Benedictus i naszych hiszpa\u0144skich przyjaci\u00f3\u0142, a wszystko na chwa\u0142\u0119 Pana. Na zako\u0144czenie uroczyste&nbsp; od\u015bpiewanie Hymnu \u015aDM w j\u0119zyku polskim i hiszpa\u0144skim \u201eB\u0142ogos\u0142awieni mi\u0142osierni albowiem oni mi\u0142osierdzia dost\u0105pi\u0105\u201d.<\/p>\n<p><a href=\"http:\/\/www.mbnp.archidiecezja.wroc.pl\/wp-content\/uploads\/2016\/02\/krzyz.jpg\" rel=\"lightbox[1255]\"><img decoding=\"async\" loading=\"lazy\" class=\"size-medium wp-image-1970 aligncenter\" src=\"http:\/\/www.mbnp.archidiecezja.wroc.pl\/wp-content\/uploads\/2016\/02\/krzyz-225x300.jpg\" alt=\"krzyz\" width=\"225\" height=\"300\" srcset=\"http:\/\/www.mbnp.archidiecezja.wroc.pl\/wp-content\/uploads\/2016\/02\/krzyz-225x300.jpg 225w, http:\/\/www.mbnp.archidiecezja.wroc.pl\/wp-content\/uploads\/2016\/02\/krzyz.jpg 720w\" sizes=\"(max-width: 225px) 100vw, 225px\" \/><\/a><\/p>\n<hr>\n<p>&nbsp;<\/p>\n<p>&nbsp;<\/p>\n<p><strong>10 maja w Parafii Mi\u0142osierdzia Bo\u017cego odby\u0142o si\u0119 nasze pierwsze Dekanalne Spotkanie Parafialnych Zespo\u0142\u00f3w Caritas.<\/strong> Celem spotka\u0144 jest formacja w duchu Caritas, by s\u0142u\u017cba drugiemu cz\u0142owiekowi stawa\u0142a si\u0119 s\u0142u\u017cb\u0105 samemu Chrystusowi a tak\u017ce&nbsp; sta\u0142e podnoszenie poziomu organizowanej pomocy. Spotkanie rozpocz\u0119\u0142a uroczysta Msza \u015bw. koncelebrowana, po kt\u00f3rej by\u0142 czas na wymian\u0119 do\u015bwiadcze\u0144 i pocz\u0119stunek.<\/p>\n<hr>\n<p>&nbsp;<\/p>\n<p>Akcja \u201eTalent mi\u0142osierdzia\u201d przeros\u0142a wszelkie oczekiwania. Nasi parafianie odkryli w sobie niezwyk\u0142e talenty mi\u0142osierdzia. Bardzo dzi\u0119kujemy za torby pe\u0142ne r\u00f3\u017cnorodnych artyku\u0142\u00f3w spo\u017cywczych, dzi\u0119ki kt\u00f3rym b\u0119dziemy mogli pom\u00f3c potrzebuj\u0105cym z naszej Parafii.<\/p>\n<p><strong>7 marca Ksi\u0105dz Proboszcz dokona\u0142 uroczystego po\u015bwi\u0119cenia salki,<\/strong> w kt\u00f3rej b\u0119dziemy pe\u0142ni\u0107 dy\u017cury. Cieszymy si\u0119, \u017ce mamy tak mocne wsparcie nowych wolontariuszy, os\u00f3b ch\u0119tnych do w\u0142\u0105czenia si\u0119 w dzie\u0142o Caritasu. Serce ro\u015bnie. Zwracamy si\u0119 z pro\u015bb\u0105 do wszystkich parafian i ludzi dobrej woli o informowanie o dzia\u0142aniach Caritasu.<\/p>\n<p>Ka\u017cda osoba b\u0119d\u0105ca w trudnej sytuacji mo\u017ce przyj\u015b\u0107 na dy\u017cur Parafialnego Zespo\u0142u Caritas <strong>w poniedzia\u0142ki, w godz. 17-18 i uzyska\u0107 pomoc w postaci artyku\u0142\u00f3w \u017cywno\u015bciowych.<\/strong> Punkt PZC znajduje si\u0119 przy Ko\u015bciele, wej\u015bcie od strony ul. Szwedzkiej.<\/p>\n<p>W przysz\u0142\u0105 niedziel\u0119 kontynuujemy \u201eWielkanocne Dzie\u0142o Caritas\u201d \u2013 rozprowadzamy paschaliki i baranki,&nbsp; z przeznaczeniem na letni wypoczynek dla dzieci z naszej Parafii.<\/p>\n<hr>\n<p>&nbsp;<\/p>\n<p><strong>28.02.2016r. \u2013 Talent Mi\u0142osierdzia to akcja, kt\u00f3r\u0105 nasz Parafialny Zesp\u00f3\u0142 Caritas rozpocz\u0105\u0142 swoj\u0105 dzia\u0142alno\u015b\u0107.<\/strong> By\u0142a wystawa przedstawiaj\u0105ca dzia\u0142ania Caritasu, by\u0142y torby, ulotki, du\u017co dobrej woli i zapa\u0142u. Caritas naprawd\u0119 narodzi\u0142 si\u0119 w naszej Parafii. Najwa\u017cniejsze, \u017ce w\u015br\u00f3d Parafian odkryli\u015bmy ca\u0142e zag\u0142\u0119bie talent\u00f3w mi\u0142osierdzia. Rozesz\u0142y si\u0119 wszystkie torby, a ksero parafialne mia\u0142o du\u017co pracy produkuj\u0105c dodatkowe ulotki. Wszystkim z g\u00f3ry dzi\u0119kujemy i przypominamy, \u017ce <strong>zbi\u00f3rka pe\u0142nych toreb odb\u0119dzie si\u0119 w przysz\u0142\u0105 niedziel\u0119 przed ka\u017cd\u0105 Msz\u0105 \u015aw.<\/strong> Bardzo cieszymy si\u0119 ze wszystkich nowych wolontariuszy Caritas &#8211; razem mo\u017cemy wi\u0119cej.\n<\/p><p style=\"text-align: right;\">Anna Okurowska<\/p>\n<hr>\n<p><strong>Dnia 28.02.2016r. powstanie naszego PZC zainicjowa\u0142a wystawa o dzia\u0142alno\u015bci Caritas.<\/strong><br>\nRozpocz\u0119li\u015bmy akcj\u0119 <strong>\u201eTalent Mi\u0142osierdzia\u201d<\/strong>, rozdaj\u0105c torby na artyku\u0142y spo\u017cywcze dla os\u00f3b potrzebuj\u0105cych wsparcia. Zape\u0142nione torby mo\u017cna przynosi\u0107 w ka\u017cd\u0105 niedziel\u0119 Wielkiego Postu lub <strong>w ka\u017cdy poniedzia\u0142ek do parafialnego punktu Caritas (w domu parafialnym, wej\u015bcie od ul. Szwedzkiej), w godz. : 17-18.<\/strong><\/p>","protected":false},"excerpt":{"rendered":"<p>POTRZEBUJESZ POMOCY? Bezp\u0142atna pomoc prawna &#8211; przys\u0142uguje osobie, kt\u00f3ra z\u0142o\u017cy o\u015bwiadczenie, \u017ce nie jest w stanie ponie\u015b\u0107 koszt\u00f3w odp\u0142atnej pomocy prawnej, \u015bwiadczona w 26 punktach we Wroc\u0142awiu, najbli\u017csze: ul. Ignuta &#8230;<\/p>\n","protected":false},"author":7,"featured_media":0,"parent":1247,"menu_order":2,"comment_status":"closed","ping_status":"closed","template":"","meta":[],"_links":{"self":[{"href":"http:\/\/www.mbnp.archidiecezja.wroc.pl\/index.php?rest_route=\/wp\/v2\/pages\/1255"}],"collection":[{"href":"http:\/\/www.mbnp.archidiecezja.wroc.pl\/index.php?rest_route=\/wp\/v2\/pages"}],"about":[{"href":"http:\/\/www.mbnp.archidiecezja.wroc.pl\/index.php?rest_route=\/wp\/v2\/types\/page"}],"author":[{"embeddable":true,"href":"http:\/\/www.mbnp.archidiecezja.wroc.pl\/index.php?rest_route=\/wp\/v2\/users\/7"}],"replies":[{"embeddable":true,"href":"http:\/\/www.mbnp.archidiecezja.wroc.pl\/index.php?rest_route=%2Fwp%2Fv2%2Fcomments&post=1255"}],"version-history":[{"count":23,"href":"http:\/\/www.mbnp.archidiecezja.wroc.pl\/index.php?rest_route=\/wp\/v2\/pages\/1255\/revisions"}],"predecessor-version":[{"id":4642,"href":"http:\/\/www.mbnp.archidiecezja.wroc.pl\/index.php?rest_route=\/wp\/v2\/pages\/1255\/revisions\/4642"}],"up":[{"embeddable":true,"href":"http:\/\/www.mbnp.archidiecezja.wroc.pl\/index.php?rest_route=\/wp\/v2\/pages\/1247"}],"wp:attachment":[{"href":"http:\/\/www.mbnp.archidiecezja.wroc.pl\/index.php?rest_route=%2Fwp%2Fv2%2Fmedia&parent=1255"}],"curies":[{"name":"wp","href":"https:\/\/api.w.org\/{rel}","templated":true}]}}